{"id":5461,"date":"2014-09-23T19:30:53","date_gmt":"2014-09-23T19:30:53","guid":{"rendered":"http:\/\/www.fontionnel.sk\/?page_id=5461"},"modified":"2017-02-14T11:31:36","modified_gmt":"2017-02-14T09:31:36","slug":"predaj-spolocnosti-s-historiou","status":"publish","type":"page","link":"https:\/\/www.fontionnel.sk\/hu\/multtal-rendelkezo-kft-eladasa\/","title":{"rendered":"M\u00falttal rendelkez\u0151 kft. elad\u00e1sa"},"content":{"rendered":"<p><\/p>\n<h2>M\u00falttal rendelkez\u0151 kft. elad\u00e1sa<\/h2>\n<p style=\"text-align: justify;\">Olyan kft.-t szeretne v\u00e1s\u00e1rolni (\u00e1fa-fizet\u0151, \u00e1fa mentes), amely gazdas\u00e1gi tev\u00e9kenys\u00e9get folytatott, t\u00f6rv\u00e9nyes kett\u0151s k\u00f6nyvel\u00e9st vezetett, nincs k\u00f6telezetts\u00e9ge, k\u00f6vetel\u00e9s sem \u00e1ll fenn vele szemben, valamint az \u00f6sszes k\u00f6teless\u00e9g\u00e9t teljes\u00edtette az ad\u00f3hivatal, TB, j\u00e1r\u00e1si hivatal stb. fel\u00e9? M\u00falttal rendelkez\u0151 kft. az olyan kezd\u0151 \u00e9s tapasztalt v\u00e1llalkoz\u00f3k sz\u00e1m\u00e1ra ide\u00e1lis, akik nem rendelkeznek elegend\u0151 id\u0151vel egy \u00faj c\u00e9g alap\u00edt\u00e1s\u00e1hoz \u00e9s \u00e1fa- regisztr\u00e1ci\u00f3hoz. Egy k\u00f6nyvel\u00e9si m\u00falttal rendelkez\u0151 kft. megv\u00e1s\u00e1rl\u00e1s\u00e1nak el\u0151nye, hogy t\u00e1mogat\u00e1st vehet fel, amit csak az olyan c\u00e9gek ig\u00e9nyelhetnek, amelyek min. 12 h\u00f3napja l\u00e9teznek \u00e9s folytatnak gazdas\u00e1gi tev\u00e9kenys\u00e9get, valamint az \u00e1llami hivatalokkal is j\u00f3 viszonyt \u00e1polnak.<\/p>\n<h3><strong>M\u00falttal rendelkez\u0151 kft.-ink:<\/strong><\/h3>\n<div><\/p>\n<ul class=\"card-list\">\n<li>garant\u00e1ltan 100%-os \u00e1llapotban l\u00e9v\u0151 c\u00e9gek<\/li>\n<li>k\u00f6telezetts\u00e9gek n\u00e9lk\u00fcl<\/li>\n<li>k\u00f6vetel\u00e9sek n\u00e9lk\u00fcl<\/li>\n<li>csendest\u00e1rsi meg\u00e1llapod\u00e1sok n\u00e9lk\u00fcl<\/li>\n<li>nem \u00e1llnak perben<\/li>\n<li>teljes k\u00f6nyvel\u00e9si dokument\u00e1ci\u00f3val rendelkeznek<\/li>\n<\/ul>\n<p><\/div>\n<table class=\"NicerTable\" style=\"width: 100%;\" cellspacing=\"0\" cellpadding=\"0\">\n<tbody>\n<tr>\n<th id=\"kotva2\">KFT. ELAD\u00c1S \u2013 \u00c1RLISTA<\/th>\n<th>\u00c1R<\/th>\n<\/tr>\n<tr>\n<td>J\u00f6vedelemad\u00f3ra regisztr\u00e1lt m\u00falttal rendelkez\u0151 kft.<\/td>\n<td>590 \u20ac-t\u00f3l<\/td>\n<\/tr>\n<tr>\n<td>\u00c1FA-fizet\u0151 m\u00falttal rendelkez\u0151 kft. (negyed\u00e9venk\u00e9nt)<\/td>\n<td>3.000 \u20ac-t\u00f3l<\/td>\n<\/tr>\n<tr>\n<td>\u00c1FA-fizet\u0151 m\u00falttal rendelkez\u0151 kft. (havonta)<\/td>\n<td>3.000 \u20ac-t\u00f3l<\/td>\n<\/tr>\n<\/tbody>\n<\/table>\n<p>&nbsp;<\/p>\n<p style=\"text-align: justify;\"><b>Amennyiben c\u00e9get szeretne v\u00e1s\u00e1rolni, elv\u00e9gezz\u00fck \u00d6n helyett a <\/b><a href=\"http:\/\/www.fontionnel.sk\/zmeny-sro-zmena-sidla-v-obchodnom-registri\/\"><b>kft. adatainak m\u00f3dos\u00edt\u00e1s\u00e1t.<\/b><\/a><\/p>\n<p><\/p>","protected":false},"excerpt":{"rendered":"<p>M\u00falttal rendelkez\u0151 kft. elad\u00e1sa Olyan kft.-t szeretne v\u00e1s\u00e1rolni (\u00e1fa-fizet\u0151, \u00e1fa mentes), amely gazdas\u00e1gi tev\u00e9kenys\u00e9get folytatott, t\u00f6rv\u00e9nyes kett\u0151s k\u00f6nyvel\u00e9st vezetett, nincs&#8230;<\/p>\n","protected":false},"author":2,"featured_media":7685,"parent":0,"menu_order":0,"comment_status":"closed","ping_status":"closed","template":"sluzby.php","meta":{"footnotes":""},"class_list":["post-5461","page","type-page","status-publish","has-post-thumbnail","hentry"],"aioseo_notices":[],"_links":{"self":[{"href":"https:\/\/www.fontionnel.sk\/hu\/wp-json\/wp\/v2\/pages\/5461","targetHints":{"allow":["GET"]}}],"collection":[{"href":"https:\/\/www.fontionnel.sk\/hu\/wp-json\/wp\/v2\/pages"}],"about":[{"href":"https:\/\/www.fontionnel.sk\/hu\/wp-json\/wp\/v2\/types\/page"}],"author":[{"embeddable":true,"href":"https:\/\/www.fontionnel.sk\/hu\/wp-json\/wp\/v2\/users\/2"}],"replies":[{"embeddable":true,"href":"https:\/\/www.fontionnel.sk\/hu\/wp-json\/wp\/v2\/comments?post=5461"}],"version-history":[{"count":25,"href":"https:\/\/www.fontionnel.sk\/hu\/wp-json\/wp\/v2\/pages\/5461\/revisions"}],"predecessor-version":[{"id":9422,"href":"https:\/\/www.fontionnel.sk\/hu\/wp-json\/wp\/v2\/pages\/5461\/revisions\/9422"}],"wp:featuredmedia":[{"embeddable":true,"href":"https:\/\/www.fontionnel.sk\/hu\/wp-json\/wp\/v2\/media\/7685"}],"wp:attachment":[{"href":"https:\/\/www.fontionnel.sk\/hu\/wp-json\/wp\/v2\/media?parent=5461"}],"curies":[{"name":"wp","href":"https:\/\/api.w.org\/{rel}","templated":true}]}}